{"id":1839,"date":"2021-08-02T15:54:40","date_gmt":"2021-08-02T13:54:40","guid":{"rendered":"https:\/\/www.mobilefilmfestival.com\/revue-de-presse\/"},"modified":"2021-09-09T17:54:36","modified_gmt":"2021-09-09T15:54:36","slug":"revue-de-presse","status":"publish","type":"page","link":"https:\/\/www.mobilefilmfestival.com\/zh-hans\/revue-de-presse\/","title":{"rendered":"\u65b0\u95fb\u56de\u987e"},"content":{"rendered":"<div>\n<h1><\/h1>\n<h1 style=\"text-align: center;\">Mobile Film Festival<\/h1>\n<h1 style=\"text-align: center;\">WOMEN&#8217;S EMPOWERMENT (2020 &#8211; 16\u00e8 EDITION)<\/h1>\n<\/div>\n<p><a href=\"https:\/\/www.huffingtonpost.fr\/entry\/unbelievable-leffet-aquatique-tania-de-montaigne-donne-ses-coups-de-coeur-culture_fr_5f75f8b9c5b66377b27e8717\"><img loading=\"lazy\" class=\" wp-image-1585 aligncenter\" src=\"https:\/\/www.mobilefilmfestival.com\/wp-content\/uploads\/2021\/07\/huff-2-300x203.jpg\" alt=\"\" width=\"377\" height=\"255\" srcset=\"https:\/\/www.mobilefilmfestival.com\/wp-content\/uploads\/2021\/07\/huff-2-300x203.jpg 300w, https:\/\/www.mobilefilmfestival.com\/wp-content\/uploads\/2021\/07\/huff-2-768x520.jpg 768w, https:\/\/www.mobilefilmfestival.com\/wp-content\/uploads\/2021\/07\/huff-2-242x164.jpg 242w, https:\/\/www.mobilefilmfestival.com\/wp-content\/uploads\/2021\/07\/huff-2-387x262.jpg 387w, https:\/\/www.mobilefilmfestival.com\/wp-content\/uploads\/2021\/07\/huff-2-495x335.jpg 495w, https:\/\/www.mobilefilmfestival.com\/wp-content\/uploads\/2021\/07\/huff-2-512x346.jpg 512w, https:\/\/www.mobilefilmfestival.com\/wp-content\/uploads\/2021\/07\/huff-2-595x403.jpg 595w, https:\/\/www.mobilefilmfestival.com\/wp-content\/uploads\/2021\/07\/huff-2-610x413.jpg 610w, https:\/\/www.mobilefilmfestival.com\/wp-content\/uploads\/2021\/07\/huff-2-639x432.jpg 639w, https:\/\/www.mobilefilmfestival.com\/wp-content\/uploads\/2021\/07\/huff-2.jpg 934w\" sizes=\"(max-width: 377px) 100vw, 377px\" \/><\/a><\/p>\n<p style=\"text-align: center;\"><a href=\"https:\/\/www.huffingtonpost.fr\/entry\/unbelievable-leffet-aquatique-tania-de-montaigne-donne-ses-coups-de-coeur-culture_fr_5f75f8b9c5b66377b27e8717\">Publi\u00e9 le 4 octobre 2020 &#8211; Article &#8211; Le Huffington Post<\/a><\/p>\n<p style=\"text-align: center;\"><a href=\"https:\/\/fr.hespress.com\/168011-ellesfontyoutube-le-mobile-film-festival-sengage-pour-la-cause-feminine.html\"><img loading=\"lazy\" class=\"alignnone wp-image-1577\" src=\"https:\/\/www.mobilefilmfestival.com\/wp-content\/uploads\/2021\/07\/hespress-2-300x218.jpg\" alt=\"\" width=\"365\" height=\"265\" srcset=\"https:\/\/www.mobilefilmfestival.com\/wp-content\/uploads\/2021\/07\/hespress-2-300x218.jpg 300w, https:\/\/www.mobilefilmfestival.com\/wp-content\/uploads\/2021\/07\/hespress-2-768x559.jpg 768w, https:\/\/www.mobilefilmfestival.com\/wp-content\/uploads\/2021\/07\/hespress-2-242x176.jpg 242w, https:\/\/www.mobilefilmfestival.com\/wp-content\/uploads\/2021\/07\/hespress-2-387x282.jpg 387w, https:\/\/www.mobilefilmfestival.com\/wp-content\/uploads\/2021\/07\/hespress-2-495x360.jpg 495w, https:\/\/www.mobilefilmfestival.com\/wp-content\/uploads\/2021\/07\/hespress-2-512x372.jpg 512w, https:\/\/www.mobilefilmfestival.com\/wp-content\/uploads\/2021\/07\/hespress-2-595x433.jpg 595w, https:\/\/www.mobilefilmfestival.com\/wp-content\/uploads\/2021\/07\/hespress-2-610x444.jpg 610w, https:\/\/www.mobilefilmfestival.com\/wp-content\/uploads\/2021\/07\/hespress-2-639x465.jpg 639w, https:\/\/www.mobilefilmfestival.com\/wp-content\/uploads\/2021\/07\/hespress-2.jpg 855w\" sizes=\"(max-width: 365px) 100vw, 365px\" \/><\/a><\/p>\n<p style=\"text-align: center;\"><a href=\"https:\/\/fr.hespress.com\/168011-ellesfontyoutube-le-mobile-film-festival-sengage-pour-la-cause-feminine.html\">Publi\u00e9 le 3 octobre 2020 &#8211; Article &#8211; Hespress<\/a><\/p>\n<div class=\"responsive-embed widescreen\"><iframe loading=\"lazy\" title=\"\u23a8REPLAY\u23acTable Ronde Mobile Film Festival &quot;Women&#039;s Empowerment&quot; x m\u00e9diaClub&#039;Elles - 10.09.20\" width=\"500\" height=\"281\" src=\"https:\/\/www.youtube.com\/embed\/tV3Jv_Qz1-o?feature=oembed\" frameborder=\"0\" allow=\"accelerometer; autoplay; clipboard-write; encrypted-media; gyroscope; picture-in-picture\" allowfullscreen><\/iframe><\/div>\n<div>\n<p style=\"text-align: center;\"><a href=\"https:\/\/www.youtube.com\/watch?v=tV3Jv_Qz1-o&amp;t\">Publi\u00e9 le 10 septembre 2020 &#8211; MediaClub&#8217;Elles &#8211; Table Ronde MFF Women&#8217;s Empowerment<\/a><\/p>\n<\/div>\n<p><a href=\"https:\/\/www.laruchemedia.com\/index.php\/2020\/09\/08\/bruno-smadja-mobile-film-festival-une-autre-facon-de-faire-du-cinema\/\"><img loading=\"lazy\" class=\"aligncenter wp-image-1569\" src=\"https:\/\/www.mobilefilmfestival.com\/wp-content\/uploads\/2021\/07\/capture-decran-2020-09-11-a-12.43.48-2-300x138.png\" alt=\"\" width=\"369\" height=\"170\" srcset=\"https:\/\/www.mobilefilmfestival.com\/wp-content\/uploads\/2021\/07\/capture-decran-2020-09-11-a-12.43.48-2-300x138.png 300w, https:\/\/www.mobilefilmfestival.com\/wp-content\/uploads\/2021\/07\/capture-decran-2020-09-11-a-12.43.48-2-1024x472.png 1024w, https:\/\/www.mobilefilmfestival.com\/wp-content\/uploads\/2021\/07\/capture-decran-2020-09-11-a-12.43.48-2-768x354.png 768w, https:\/\/www.mobilefilmfestival.com\/wp-content\/uploads\/2021\/07\/capture-decran-2020-09-11-a-12.43.48-2-242x111.png 242w, https:\/\/www.mobilefilmfestival.com\/wp-content\/uploads\/2021\/07\/capture-decran-2020-09-11-a-12.43.48-2-387x178.png 387w, https:\/\/www.mobilefilmfestival.com\/wp-content\/uploads\/2021\/07\/capture-decran-2020-09-11-a-12.43.48-2-495x228.png 495w, https:\/\/www.mobilefilmfestival.com\/wp-content\/uploads\/2021\/07\/capture-decran-2020-09-11-a-12.43.48-2-512x236.png 512w, https:\/\/www.mobilefilmfestival.com\/wp-content\/uploads\/2021\/07\/capture-decran-2020-09-11-a-12.43.48-2-595x274.png 595w, https:\/\/www.mobilefilmfestival.com\/wp-content\/uploads\/2021\/07\/capture-decran-2020-09-11-a-12.43.48-2-610x281.png 610w, https:\/\/www.mobilefilmfestival.com\/wp-content\/uploads\/2021\/07\/capture-decran-2020-09-11-a-12.43.48-2-639x294.png 639w, https:\/\/www.mobilefilmfestival.com\/wp-content\/uploads\/2021\/07\/capture-decran-2020-09-11-a-12.43.48-2.png 1398w\" sizes=\"(max-width: 369px) 100vw, 369px\" \/><\/a><\/p>\n<p style=\"text-align: center;\"><a href=\"https:\/\/www.laruchemedia.com\/index.php\/2020\/09\/08\/bruno-smadja-mobile-film-festival-une-autre-facon-de-faire-du-cinema\/\">Publi\u00e9 le 8 septembre 2020 &#8211; Interview de Bruno Smadja, fondateur du Mobile Film Festival &#8211; La Ruche M\u00e9dia<\/a><\/p>\n<p><a href=\"https:\/\/2m.ma\/fr\/news\/ledition-2020-du-mobile-film-festival-consacree-a-la-cause-des-femmes-20200904\/\"><img loading=\"lazy\" class=\"aligncenter wp-image-1593\" src=\"https:\/\/www.mobilefilmfestival.com\/wp-content\/uploads\/2021\/07\/capture-decran-2020-09-11-a-12.33.17-2-294x300.jpg\" alt=\"\" width=\"331\" height=\"338\" srcset=\"https:\/\/www.mobilefilmfestival.com\/wp-content\/uploads\/2021\/07\/capture-decran-2020-09-11-a-12.33.17-2-294x300.jpg 294w, https:\/\/www.mobilefilmfestival.com\/wp-content\/uploads\/2021\/07\/capture-decran-2020-09-11-a-12.33.17-2-242x247.jpg 242w, https:\/\/www.mobilefilmfestival.com\/wp-content\/uploads\/2021\/07\/capture-decran-2020-09-11-a-12.33.17-2-387x395.jpg 387w, https:\/\/www.mobilefilmfestival.com\/wp-content\/uploads\/2021\/07\/capture-decran-2020-09-11-a-12.33.17-2-495x505.jpg 495w, https:\/\/www.mobilefilmfestival.com\/wp-content\/uploads\/2021\/07\/capture-decran-2020-09-11-a-12.33.17-2-512x523.jpg 512w, https:\/\/www.mobilefilmfestival.com\/wp-content\/uploads\/2021\/07\/capture-decran-2020-09-11-a-12.33.17-2-595x607.jpg 595w, https:\/\/www.mobilefilmfestival.com\/wp-content\/uploads\/2021\/07\/capture-decran-2020-09-11-a-12.33.17-2-610x623.jpg 610w, https:\/\/www.mobilefilmfestival.com\/wp-content\/uploads\/2021\/07\/capture-decran-2020-09-11-a-12.33.17-2-303x309.jpg 303w, https:\/\/www.mobilefilmfestival.com\/wp-content\/uploads\/2021\/07\/capture-decran-2020-09-11-a-12.33.17-2-60x60.jpg 60w, https:\/\/www.mobilefilmfestival.com\/wp-content\/uploads\/2021\/07\/capture-decran-2020-09-11-a-12.33.17-2.jpg 631w\" sizes=\"(max-width: 331px) 100vw, 331px\" \/><\/a><\/p>\n<p style=\"text-align: center;\">\u00a0<a href=\"https:\/\/2m.ma\/fr\/news\/ledition-2020-du-mobile-film-festival-consacree-a-la-cause-des-femmes-20200904\/\">Publi\u00e9 le 5 septembre 2020 &#8211; Article &#8211; 2M Maroc<\/a><\/p>\n<p><a href=\"https:\/\/www.auf.org\/nouvelles\/appels-a-candidatures\/mobile-film-festival-sengage-questions-feministes\/\"><img loading=\"lazy\" class=\"aligncenter wp-image-1553\" src=\"https:\/\/www.mobilefilmfestival.com\/wp-content\/uploads\/2021\/07\/capture-decran-2020-09-11-a-12.36.42-2-300x175.jpg\" alt=\"\" width=\"345\" height=\"202\" srcset=\"https:\/\/www.mobilefilmfestival.com\/wp-content\/uploads\/2021\/07\/capture-decran-2020-09-11-a-12.36.42-2-300x175.jpg 300w, https:\/\/www.mobilefilmfestival.com\/wp-content\/uploads\/2021\/07\/capture-decran-2020-09-11-a-12.36.42-2-1024x599.jpg 1024w, https:\/\/www.mobilefilmfestival.com\/wp-content\/uploads\/2021\/07\/capture-decran-2020-09-11-a-12.36.42-2-768x449.jpg 768w, https:\/\/www.mobilefilmfestival.com\/wp-content\/uploads\/2021\/07\/capture-decran-2020-09-11-a-12.36.42-2-242x142.jpg 242w, https:\/\/www.mobilefilmfestival.com\/wp-content\/uploads\/2021\/07\/capture-decran-2020-09-11-a-12.36.42-2-387x226.jpg 387w, https:\/\/www.mobilefilmfestival.com\/wp-content\/uploads\/2021\/07\/capture-decran-2020-09-11-a-12.36.42-2-495x289.jpg 495w, https:\/\/www.mobilefilmfestival.com\/wp-content\/uploads\/2021\/07\/capture-decran-2020-09-11-a-12.36.42-2-512x299.jpg 512w, https:\/\/www.mobilefilmfestival.com\/wp-content\/uploads\/2021\/07\/capture-decran-2020-09-11-a-12.36.42-2-595x348.jpg 595w, https:\/\/www.mobilefilmfestival.com\/wp-content\/uploads\/2021\/07\/capture-decran-2020-09-11-a-12.36.42-2-610x357.jpg 610w, https:\/\/www.mobilefilmfestival.com\/wp-content\/uploads\/2021\/07\/capture-decran-2020-09-11-a-12.36.42-2-639x374.jpg 639w, https:\/\/www.mobilefilmfestival.com\/wp-content\/uploads\/2021\/07\/capture-decran-2020-09-11-a-12.36.42-2.jpg 1026w\" sizes=\"(max-width: 345px) 100vw, 345px\" \/><\/a><\/p>\n<p style=\"text-align: center;\"><a href=\"https:\/\/www.auf.org\/nouvelles\/appels-a-candidatures\/mobile-film-festival-sengage-questions-feministes\/\">Publi\u00e9 le 30 ao\u00fbt 2020 &#8211; Article &#8211; AUF<\/a><\/p>\n<p><a href=\"https:\/\/ecran-total.fr\/le-mobile-film-festival-met-les-femmes-a-lhonneur\/\"><img loading=\"lazy\" class=\"aligncenter wp-image-1561 size-medium\" src=\"https:\/\/www.mobilefilmfestival.com\/wp-content\/uploads\/2021\/07\/capture-decran-2020-09-11-a-12.40.27-2-300x223.jpg\" alt=\"\" width=\"300\" height=\"223\" srcset=\"https:\/\/www.mobilefilmfestival.com\/wp-content\/uploads\/2021\/07\/capture-decran-2020-09-11-a-12.40.27-2-300x223.jpg 300w, https:\/\/www.mobilefilmfestival.com\/wp-content\/uploads\/2021\/07\/capture-decran-2020-09-11-a-12.40.27-2-768x572.jpg 768w, https:\/\/www.mobilefilmfestival.com\/wp-content\/uploads\/2021\/07\/capture-decran-2020-09-11-a-12.40.27-2-242x180.jpg 242w, https:\/\/www.mobilefilmfestival.com\/wp-content\/uploads\/2021\/07\/capture-decran-2020-09-11-a-12.40.27-2-387x288.jpg 387w, https:\/\/www.mobilefilmfestival.com\/wp-content\/uploads\/2021\/07\/capture-decran-2020-09-11-a-12.40.27-2-495x369.jpg 495w, https:\/\/www.mobilefilmfestival.com\/wp-content\/uploads\/2021\/07\/capture-decran-2020-09-11-a-12.40.27-2-512x381.jpg 512w, https:\/\/www.mobilefilmfestival.com\/wp-content\/uploads\/2021\/07\/capture-decran-2020-09-11-a-12.40.27-2-595x443.jpg 595w, https:\/\/www.mobilefilmfestival.com\/wp-content\/uploads\/2021\/07\/capture-decran-2020-09-11-a-12.40.27-2-610x454.jpg 610w, https:\/\/www.mobilefilmfestival.com\/wp-content\/uploads\/2021\/07\/capture-decran-2020-09-11-a-12.40.27-2-639x476.jpg 639w, https:\/\/www.mobilefilmfestival.com\/wp-content\/uploads\/2021\/07\/capture-decran-2020-09-11-a-12.40.27-2.jpg 870w\" sizes=\"(max-width: 300px) 100vw, 300px\" \/><\/a><\/p>\n<p style=\"text-align: center;\"><a href=\"https:\/\/ecran-total.fr\/le-mobile-film-festival-met-les-femmes-a-lhonneur\/\">Publi\u00e9 le 28 ao\u00fbt 2020 &#8211; Article &#8211; \u00c9cran Total<\/a><\/p>\n<div>\n<h1 style=\"text-align: center;\">ACT NOW on climate change (2019 &#8211; 15\u00e8 EDITION)<\/h1>\n<\/div>\n<p style=\"text-align: left;\">\u00a0 \u00a0 \u00a0 \u00a0 \u00a0 \u00a0 \u00a0 \u00a0 \u00a0 \u00a0 \u00a0 <iframe loading=\"lazy\" src=\"\/\/embedftv-a.akamaihd.net\/77b726e4c67df832ac0f1a2a688da397\" width=\"560\" height=\"315\" frameborder=\"0\" scrolling=\"no\" allowfullscreen=\"allowfullscreen\"><span data-mce-type=\"bookmark\" style=\"display: inline-block; width: 0px; overflow: hidden; line-height: 0;\" class=\"mce_SELRES_start\">\ufeff<\/span><span data-mce-type=\"bookmark\" style=\"display: inline-block; width: 0px; overflow: hidden; line-height: 0;\" class=\"mce_SELRES_start\">\ufeff<\/span><\/iframe><\/p>\n<div><\/div>\n<div><\/div>\n<div><\/div>\n<div><\/div>\n<div><\/div>\n<div>\n<div class=\"responsive-embed widescreen\"><iframe loading=\"lazy\" title=\"Photo : Les habitants de Bienne en Suisse racontent leur histoire\" width=\"500\" height=\"281\" src=\"https:\/\/www.youtube.com\/embed\/vgpMIyrcjKU?feature=oembed\" frameborder=\"0\" allow=\"accelerometer; autoplay; clipboard-write; encrypted-media; gyroscope; picture-in-picture\" allowfullscreen><\/iframe><\/div>\n<p style=\"text-align: center;\"><a href=\"https:\/\/www.youtube.com\/watch?v=vgpMIyrcjKU\">Publi\u00e9 le 29 ao\u00fbt 2019<\/a><\/p>\n<\/div>\n<div><\/div>\n<div>\n<hr \/>\n<\/div>\n<div id=\"2014\" style=\"text-align: center;\">\n<h1 style=\"text-align: center;\">Mobile Film Festival<br \/>\nStand up for human rights<\/h1>\n<hr \/>\n<p><img loading=\"lazy\" class=\"alignnone wp-image-30471\" src=\"https:\/\/www.mobilefilmfestival.com\/wp-content\/uploads\/2019\/02\/voa_logo.png\" alt=\"\" width=\"240\" height=\"187\" \/><br \/>\n<iframe loading=\"lazy\" src=\"https:\/\/www.amerikaninsesi.com\/embed\/player\/0\/4701044.html?type=video\" width=\"640\" height=\"360\" frameborder=\"0\" scrolling=\"no\" allowfullscreen=\"allowfullscreen\"><\/iframe><br \/>\n<a href=\"https:\/\/www.amerikaninsesi.com\/a\/voa-ege-turk-studyo-washington-14-aralik\/4701044.html\">Publi\u00e9 le 14 d\u00e9cembre 2018<\/a><\/p>\n<\/div>\n<div>\n<hr \/>\n<h1 style=\"text-align: center;\">Mobile Film Festival 13\u00e8me \u00e9dition<\/h1>\n<p style=\"text-align: center;\"><a href=\"http:\/\/drive.google.com\/open?id=1xX7aC2NqqvjLOS3j2bT1Z7FYIuyhoG4e\"><img loading=\"lazy\" class=\"aligncenter wp-image-3246 size-medium\" src=\"https:\/\/www.mobilefilmfestival.com\/wp-content\/uploads\/2018\/08\/couverture-revue-presse-300x225.png\" alt=\"\" width=\"300\" height=\"225\" \/><\/a><\/p>\n<p style=\"text-align: center;\"><a href=\"http:\/\/drive.google.com\/open?id=1xX7aC2NqqvjLOS3j2bT1Z7FYIuyhoG4e\">Visionner toute la revue de presse<\/a><\/p>\n<p><img loading=\"lazy\" class=\"size-full wp-image-3254 aligncenter\" src=\"https:\/\/www.mobilefilmfestival.com\/wp-content\/uploads\/2018\/08\/logo_europe1-1.png\" alt=\"\" width=\"140\" height=\"52\" \/><\/p>\n<h1><img loading=\"lazy\" class=\"size-full wp-image-3262 aligncenter\" src=\"https:\/\/www.mobilefilmfestival.com\/wp-content\/uploads\/2018\/08\/WLC_logo-02-150px.png\" alt=\"\" width=\"150\" height=\"128\" \/><\/h1>\n<p><img loading=\"lazy\" class=\"size-medium wp-image-3270 aligncenter\" src=\"https:\/\/www.mobilefilmfestival.com\/wp-content\/uploads\/2018\/08\/screen-wlc-193x300.png\" alt=\"\" width=\"193\" height=\"300\" \/><\/p>\n<\/div>\n<p><img loading=\"lazy\" class=\"alignnone size-full wp-image-3294 aligncenter\" src=\"https:\/\/www.mobilefilmfestival.com\/wp-content\/uploads\/2018\/08\/e-cinema.jpg\" alt=\"\" width=\"175\" height=\"42\" \/><\/p>\n<p style=\"text-align: center;\"><iframe loading=\"lazy\" src=\"https:\/\/www.youtube.com\/embed\/VFylDYuWEow?start=840\" width=\"560\" height=\"315\" frameborder=\"0\" allowfullscreen=\"allowfullscreen\"><\/iframe><\/p>\n<p style=\"text-align: center;\"><a href=\"https:\/\/www.youtube.com\/watch?v=VFylDYuWEow&amp;list=PLbrXxNXSnXZhqi05ho4Ox9Rc4ciGphOA8&amp;index=2\" target=\"\" rel=\"noopener noreferrer\">Publi\u00e9 le 16 Mars 2018<\/a><\/p>\n<p style=\"text-align: center;\"><img loading=\"lazy\" class=\"alignnone size-full wp-image-3302\" src=\"https:\/\/www.mobilefilmfestival.com\/wp-content\/uploads\/2018\/08\/te\u0301le\u0301chargement-1.png\" alt=\"\" width=\"175\" height=\"75\" \/><\/p>\n<p style=\"text-align: center;\">Publi\u00e9 le 16 Mars 2018<\/p>\n<p><img loading=\"lazy\" class=\"alignnone size-full wp-image-3310 aligncenter\" src=\"https:\/\/www.mobilefilmfestival.com\/wp-content\/uploads\/2018\/08\/France_inter_2005_logo.png\" alt=\"\" width=\"175\" height=\"175\" \/><\/p>\n<p style=\"text-align: center;\"><iframe loading=\"lazy\" src=\"https:\/\/www.franceinter.fr\/embed\/player\/aod\/6791420e-2db2-459d-b6cb-5ed5acb4c663\" width=\"100%\" height=\"64\" frameborder=\"0\" scrolling=\"no\"><\/iframe><\/p>\n<p style=\"text-align: center;\">Passage d&#8217;Alice David \u00e0 38,51 minutes<br \/>\n<a href=\"https:\/\/www.franceinter.fr\/emissions\/popopop\/popopop-16-mars-2018\" target=\"\" rel=\"noopener noreferrer\">Publi\u00e9 le 16 mars 2018<\/a><\/p>\n<p><img loading=\"lazy\" class=\"alignnone size-full wp-image-3400 aligncenter\" src=\"https:\/\/www.mobilefilmfestival.com\/wp-content\/uploads\/2018\/08\/1280px-TV5Monde_Logo.png\" alt=\"\" width=\"175\" height=\"23\" \/><\/p>\n<p style=\"text-align: center;\"><iframe loading=\"lazy\" src=\"https:\/\/www.youtube.com\/embed\/j4VGwePeA0w?start=223\" width=\"560\" height=\"315\" frameborder=\"0\" allowfullscreen=\"allowfullscreen\"><\/iframe><\/p>\n<p style=\"text-align: center;\"><a href=\"https:\/\/www.youtube.com\/watch?v=j4VGwePeA0w&amp;feature=youtu.be\" target=\"_blank\" rel=\"noopener noreferrer\">Publi\u00e9 le 14 mars 2018<\/a><\/p>\n","protected":false},"excerpt":{"rendered":"<p>Mobile Film Festival WOMEN&#8217;S EMPOWERMENT (2020 &#038;# [&hellip;]<\/p>\n","protected":false},"author":1,"featured_media":0,"parent":0,"menu_order":0,"comment_status":"closed","ping_status":"closed","template":"","meta":[],"yoast_head":"<!-- This site is optimized with the Yoast SEO plugin v17.0 - https:\/\/yoast.com\/wordpress\/plugins\/seo\/ -->\n<title>\u65b0\u95fb\u56de\u987e - Mobile Film Festival 17th edition<\/title>\n<meta name=\"robots\" content=\"index, follow, max-snippet:-1, max-image-preview:large, max-video-preview:-1\" \/>\n<link rel=\"canonical\" href=\"https:\/\/www.mobilefilmfestival.com\/zh-hans\/revue-de-presse\/\" \/>\n<meta property=\"og:locale\" content=\"zh_CN\" \/>\n<meta property=\"og:type\" content=\"article\" \/>\n<meta property=\"og:title\" content=\"\u65b0\u95fb\u56de\u987e - Mobile Film Festival 17th edition\" \/>\n<meta property=\"og:description\" content=\"Mobile Film Festival WOMEN&#8217;S EMPOWERMENT (2020 &amp;# [&hellip;]\" \/>\n<meta property=\"og:url\" content=\"https:\/\/www.mobilefilmfestival.com\/zh-hans\/revue-de-presse\/\" \/>\n<meta property=\"og:site_name\" content=\"Mobile Film Festival 17th edition\" \/>\n<meta property=\"article:publisher\" content=\"https:\/\/www.facebook.com\/MobileFilmFestival\" \/>\n<meta property=\"article:modified_time\" content=\"2021-09-09T15:54:36+00:00\" \/>\n<meta property=\"og:image\" content=\"https:\/\/www.mobilefilmfestival.com\/wp-content\/uploads\/2021\/07\/huff-2-300x203.jpg\" \/>\n<meta name=\"twitter:card\" content=\"summary_large_image\" \/>\n<meta name=\"twitter:site\" content=\"@mobilefilmfest\" \/>\n<meta name=\"twitter:label1\" content=\"\u9884\u8ba1\u9605\u8bfb\u65f6\u95f4\" \/>\n\t<meta name=\"twitter:data1\" content=\"1\u5206\" \/>\n<script type=\"application\/ld+json\" class=\"yoast-schema-graph\">{\"@context\":\"https:\/\/schema.org\",\"@graph\":[{\"@type\":\"WebSite\",\"@id\":\"https:\/\/www.mobilefilmfestival.com\/#website\",\"url\":\"https:\/\/www.mobilefilmfestival.com\/\",\"name\":\"Mobile Film Festival 17th edition\",\"description\":\"1 MOBILE, 1 MINUTE, 1 FILM\",\"potentialAction\":[{\"@type\":\"SearchAction\",\"target\":{\"@type\":\"EntryPoint\",\"urlTemplate\":\"https:\/\/www.mobilefilmfestival.com\/?s={search_term_string}\"},\"query-input\":\"required name=search_term_string\"}],\"inLanguage\":\"zh-CN\"},{\"@type\":\"ImageObject\",\"@id\":\"https:\/\/www.mobilefilmfestival.com\/zh-hans\/revue-de-presse\/#primaryimage\",\"inLanguage\":\"zh-CN\",\"url\":\"https:\/\/www.mobilefilmfestival.com\/wp-content\/uploads\/2021\/07\/huff-2.jpg\",\"contentUrl\":\"https:\/\/www.mobilefilmfestival.com\/wp-content\/uploads\/2021\/07\/huff-2.jpg\",\"width\":934,\"height\":632},{\"@type\":\"WebPage\",\"@id\":\"https:\/\/www.mobilefilmfestival.com\/zh-hans\/revue-de-presse\/#webpage\",\"url\":\"https:\/\/www.mobilefilmfestival.com\/zh-hans\/revue-de-presse\/\",\"name\":\"\\u65b0\\u95fb\\u56de\\u987e - Mobile Film Festival 17th edition\",\"isPartOf\":{\"@id\":\"https:\/\/www.mobilefilmfestival.com\/#website\"},\"primaryImageOfPage\":{\"@id\":\"https:\/\/www.mobilefilmfestival.com\/zh-hans\/revue-de-presse\/#primaryimage\"},\"datePublished\":\"2021-08-02T13:54:40+00:00\",\"dateModified\":\"2021-09-09T15:54:36+00:00\",\"breadcrumb\":{\"@id\":\"https:\/\/www.mobilefilmfestival.com\/zh-hans\/revue-de-presse\/#breadcrumb\"},\"inLanguage\":\"zh-CN\",\"potentialAction\":[{\"@type\":\"ReadAction\",\"target\":[\"https:\/\/www.mobilefilmfestival.com\/zh-hans\/revue-de-presse\/\"]}]},{\"@type\":\"BreadcrumbList\",\"@id\":\"https:\/\/www.mobilefilmfestival.com\/zh-hans\/revue-de-presse\/#breadcrumb\",\"itemListElement\":[{\"@type\":\"ListItem\",\"position\":1,\"name\":\"Home\",\"item\":\"https:\/\/www.mobilefilmfestival.com\/zh-hans\/\"},{\"@type\":\"ListItem\",\"position\":2,\"name\":\"\\u65b0\\u95fb\\u56de\\u987e\"}]}]}<\/script>\n<!-- \/ Yoast SEO plugin. -->","yoast_head_json":{"title":"\u65b0\u95fb\u56de\u987e - Mobile Film Festival 17th edition","robots":{"index":"index","follow":"follow","max-snippet":"max-snippet:-1","max-image-preview":"max-image-preview:large","max-video-preview":"max-video-preview:-1"},"canonical":"https:\/\/www.mobilefilmfestival.com\/zh-hans\/revue-de-presse\/","og_locale":"zh_CN","og_type":"article","og_title":"\u65b0\u95fb\u56de\u987e - Mobile Film Festival 17th edition","og_description":"Mobile Film Festival WOMEN&#8217;S EMPOWERMENT (2020 &# [&hellip;]","og_url":"https:\/\/www.mobilefilmfestival.com\/zh-hans\/revue-de-presse\/","og_site_name":"Mobile Film Festival 17th edition","article_publisher":"https:\/\/www.facebook.com\/MobileFilmFestival","article_modified_time":"2021-09-09T15:54:36+00:00","og_image":[{"url":"https:\/\/www.mobilefilmfestival.com\/wp-content\/uploads\/2021\/07\/huff-2-300x203.jpg"}],"twitter_card":"summary_large_image","twitter_site":"@mobilefilmfest","twitter_misc":{"\u9884\u8ba1\u9605\u8bfb\u65f6\u95f4":"1\u5206"},"schema":{"@context":"https:\/\/schema.org","@graph":[{"@type":"WebSite","@id":"https:\/\/www.mobilefilmfestival.com\/#website","url":"https:\/\/www.mobilefilmfestival.com\/","name":"Mobile Film Festival 17th edition","description":"1 MOBILE, 1 MINUTE, 1 FILM","potentialAction":[{"@type":"SearchAction","target":{"@type":"EntryPoint","urlTemplate":"https:\/\/www.mobilefilmfestival.com\/?s={search_term_string}"},"query-input":"required name=search_term_string"}],"inLanguage":"zh-CN"},{"@type":"ImageObject","@id":"https:\/\/www.mobilefilmfestival.com\/zh-hans\/revue-de-presse\/#primaryimage","inLanguage":"zh-CN","url":"https:\/\/www.mobilefilmfestival.com\/wp-content\/uploads\/2021\/07\/huff-2.jpg","contentUrl":"https:\/\/www.mobilefilmfestival.com\/wp-content\/uploads\/2021\/07\/huff-2.jpg","width":934,"height":632},{"@type":"WebPage","@id":"https:\/\/www.mobilefilmfestival.com\/zh-hans\/revue-de-presse\/#webpage","url":"https:\/\/www.mobilefilmfestival.com\/zh-hans\/revue-de-presse\/","name":"\u65b0\u95fb\u56de\u987e - Mobile Film Festival 17th edition","isPartOf":{"@id":"https:\/\/www.mobilefilmfestival.com\/#website"},"primaryImageOfPage":{"@id":"https:\/\/www.mobilefilmfestival.com\/zh-hans\/revue-de-presse\/#primaryimage"},"datePublished":"2021-08-02T13:54:40+00:00","dateModified":"2021-09-09T15:54:36+00:00","breadcrumb":{"@id":"https:\/\/www.mobilefilmfestival.com\/zh-hans\/revue-de-presse\/#breadcrumb"},"inLanguage":"zh-CN","potentialAction":[{"@type":"ReadAction","target":["https:\/\/www.mobilefilmfestival.com\/zh-hans\/revue-de-presse\/"]}]},{"@type":"BreadcrumbList","@id":"https:\/\/www.mobilefilmfestival.com\/zh-hans\/revue-de-presse\/#breadcrumb","itemListElement":[{"@type":"ListItem","position":1,"name":"Home","item":"https:\/\/www.mobilefilmfestival.com\/zh-hans\/"},{"@type":"ListItem","position":2,"name":"\u65b0\u95fb\u56de\u987e"}]}]}},"_links":{"self":[{"href":"https:\/\/www.mobilefilmfestival.com\/zh-hans\/wp-json\/wp\/v2\/pages\/1839"}],"collection":[{"href":"https:\/\/www.mobilefilmfestival.com\/zh-hans\/wp-json\/wp\/v2\/pages"}],"about":[{"href":"https:\/\/www.mobilefilmfestival.com\/zh-hans\/wp-json\/wp\/v2\/types\/page"}],"author":[{"embeddable":true,"href":"https:\/\/www.mobilefilmfestival.com\/zh-hans\/wp-json\/wp\/v2\/users\/1"}],"replies":[{"embeddable":true,"href":"https:\/\/www.mobilefilmfestival.com\/zh-hans\/wp-json\/wp\/v2\/comments?post=1839"}],"version-history":[{"count":2,"href":"https:\/\/www.mobilefilmfestival.com\/zh-hans\/wp-json\/wp\/v2\/pages\/1839\/revisions"}],"predecessor-version":[{"id":4914,"href":"https:\/\/www.mobilefilmfestival.com\/zh-hans\/wp-json\/wp\/v2\/pages\/1839\/revisions\/4914"}],"wp:attachment":[{"href":"https:\/\/www.mobilefilmfestival.com\/zh-hans\/wp-json\/wp\/v2\/media?parent=1839"}],"curies":[{"name":"wp","href":"https:\/\/api.w.org\/{rel}","templated":true}]}}